{"id":370,"date":"2022-12-30T11:52:16","date_gmt":"2022-12-30T10:52:16","guid":{"rendered":"https:\/\/www.bip.m-ok.pl\/?page_id=370"},"modified":"2022-12-30T11:52:16","modified_gmt":"2022-12-30T10:52:16","slug":"polityka-prywatnosci-fanpage-facebook","status":"publish","type":"page","link":"https:\/\/www.bip.m-ok.pl\/?page_id=370","title":{"rendered":"Polityka prywatno\u015bci &#8211; fanpage Facebook"},"content":{"rendered":"\n<p><\/p>\n\n\n\n<p><strong>Polityka prywatno\u015bci \/ Informacja dotycz\u0105ca przetwarzania danych osobowych<\/strong><\/p>\n\n\n\n<p><strong>&nbsp;w ramach fanpage\u2019a Mys\u0142owickiego O\u015brodka Kultury<\/strong> <strong>w portalu Facebook<\/strong><\/p>\n\n\n\n<p>Na podstawie Rozporz\u0105dzenia Parlamentu Europejskiego i Rady (UE) 2016\/679 z dnia 27 kwietnia 2016 r. w sprawie ochrony os\u00f3b fizycznych w zwi\u0105zku z przetwarzaniem danych osobowych i w sprawie swobodnego przep\u0142ywu takich danych oraz uchylenia dyrektywy 94\/46\/WE, czyli tzw. \u201eRODO\u201d, poni\u017cej przedstawiamy informacje na temat przetwarzania danych osobowych w zwi\u0105zku z korzystaniem z fanpage\u2019a Mys\u0142owickiego O\u015brodka Kultury.<\/p>\n\n\n\n<p><strong>Administratorem Pa\u0144stwa danych osobowych jest Mys\u0142owicki O\u015brodek Kultury z siedzib\u0105 w Mys\u0142owicach (41-400) przy ul. Grunwaldzkiej 7<\/strong><\/p>\n\n\n\n<p>Polityka prywatno\u015bci stanowi tak\u017ce wype\u0142nienie obowi\u0105zku informacyjnego w stosunku do osoby, kt\u00f3rej dane dotycz\u0105.<\/p>\n\n\n\n<p><strong>Informacje og\u00f3lne:<\/strong><\/p>\n\n\n\n<ul>\n<li>zawarte ni\u017cej informacje zosta\u0142y spisane dla u\u017cytkownik\u00f3w Facebooka, a w szczeg\u00f3lno\u015bci dla fan\u00f3w naszego fanpage\u2019a w celu przekazania informacji na temat gromadzenia danych osobowych, powodach ich przetwarzania oraz prawach, kt\u00f3re posiadaj\u0105 u\u017cytkownicy,<\/li>\n\n\n\n<li>wszelkie dzia\u0142anie naszego fanpage\u2019a jest zgodne z wymogami, kt\u00f3re s\u0105 zawarte w regulaminie Facebooka,<\/li>\n\n\n\n<li>polityka naszego fanpage\u2019u mo\u017ce r\u00f3\u017cni\u0107 si\u0119 tre\u015bci\u0105 od innych stron podmiot\u00f3w na Facebooku,<\/li>\n\n\n\n<li>wszelkie informacje zawarte na Pa\u0144stwa profilu oraz aktywno\u015bci wynikaj\u0105ce z jego u\u017cytkowania s\u0105 bezpo\u015brednio administrowane przez Facebook,<\/li>\n\n\n\n<li>nasza instytucja kultury administruje Pa\u0144stwa dane tylko i wy\u0142\u0105cznie na potrzebny odpowiedzi na Pa\u0144stwa pytania, komentowanie wpis\u00f3w oraz komunikacji z u\u017cytkownikami w ramach prowadzonej przez nas dzia\u0142alno\u015bci statutowej, oraz tre\u015bci przez nas udost\u0119pnionych, w celach prowadzenia statystyk,<\/li>\n\n\n\n<li>dane osobowe zbierane poprzez komunikacj\u0119 z Pa\u0144stwem zostaj\u0105 przetwarzane tylko na potrzeby udzielenia odpowiedzi, je\u015bli istnieje taka konieczno\u015b\u0107,<\/li>\n\n\n\n<li>pa\u0144stwa aktywno\u015b\u0107 zwi\u0105zana z korzystania z naszego fanpage\u2019a nie b\u0119dzie archiwizowana przez nas poza serwisem Facebook,<\/li>\n\n\n\n<li>nie mamy kontroli nad tym, jakie dane gromadzi dostawca wtyczek lub stron serwis\u00f3w spo\u0142eczno\u015bciowych i jak je przetwarza. Aby uzyska\u0107 informacje na temat celu i zakresu gromadzenia danych, w tym tak\u017ce plik\u00f3w cookies tam stosowanych, ich dalszego przetwarzania i wykorzystywania przez zewn\u0119trznych dostawc\u00f3w oraz przys\u0142uguj\u0105cych Pa\u0144stwu praw oraz opcji ustawie\u0144 ochrony prywatno\u015bci tych dostawc\u00f3w, mog\u0105 Pa\u0144stwo zapozna\u0107 si\u0119 z informacj\u0105 o ochronie danych odpowiedniego dostawcy:&nbsp; <a href=\"https:\/\/pl-pl.facebook.com\/privacy\/explanation\">https:\/\/pl-pl.facebook.com\/privacy\/explanation<\/a><\/li>\n<\/ul>\n\n\n\n<p><strong>Czyje dane osobowe przetwarzamy ?<\/strong><\/p>\n\n\n\n<p>W zwi\u0105zku z prowadzeniem przez nas fanpage\u2019a przetwarzamy dane osobowe:<\/p>\n\n\n\n<ul>\n<li>os\u00f3b, kt\u00f3re dokona\u0142y subskrypcji poprzez klikni\u0119cie \u201eLubi\u0119 to\u201d lub \u201eObserwuj,<\/li>\n\n\n\n<li>os\u00f3b, kt\u00f3re zareagowa\u0142y na publikowane przez nas posty lub opublikowa\u0142y komentarz,<\/li>\n\n\n\n<li>os\u00f3b, kt\u00f3re przes\u0142a\u0142y do nas zapytanie poprzez prywatn\u0105 wiadomo\u015b\u0107,<\/li>\n\n\n\n<li>os\u00f3b odwiedzaj\u0105cych nasz fanpage.<\/li>\n<\/ul>\n\n\n\n<p><strong>Poprzez funkcjonowanie naszego fanpage\u2019a zbieramy i przetwarzamy nast\u0119puj\u0105ce rodzaje danych osobowych:<\/strong><\/p>\n\n\n\n<ul>\n<li>identyfikator Facebooka (zazwyczaj zawieraj\u0105cy imi\u0119 i nazwisko, kt\u00f3re nie jest przez nas w jakikolwiek spos\u00f3b weryfikowany w celu potwierdzenia prawdziwo\u015bci danych),<\/li>\n\n\n\n<li>podstawowe dane identyfikacyjne w zakresie opublikowanym przez Pa\u0144stwa na Pa\u0144stwa w\u0142asnym profilu na portalu spo\u0142eczno\u015bciowym Facebook,<\/li>\n\n\n\n<li>inne dane w zakresie opublikowanym przez Pa\u0144stwa na Pa\u0144stwa w\u0142asnym profilu na portalu spo\u0142eczno\u015bciowym Facebook,<\/li>\n\n\n\n<li>zdj\u0119cie profilowe (dzi\u0119ki niemu w niekt\u00f3rych przypadkach mo\u017cemy pozna\u0107 Pa\u0144stwa wizerunek),<\/li>\n\n\n\n<li>inne zdj\u0119cia wynikaj\u0105ce z relacji fanpage. Umieszczanie zdj\u0119\u0107 pod naszymi postami jest z Pa\u0144stwa strony dobrowolne,<\/li>\n\n\n\n<li>tre\u015b\u0107 Pa\u0144stwa komentarzy oraz tre\u015b\u0107 rozmowy prowadzonej przez aplikacj\u0119 Messenger (dzi\u0119ki niemu mo\u017cemy dowiedzie\u0107 si\u0119 o Pa\u0144stwa adresie e-mail, numerze telefonu oraz opisu, kt\u00f3ry Pa\u0144stwo zawarli\u015bcie w zwi\u0105zku z okoliczno\u015bciami naszej korespondencji),<\/li>\n\n\n\n<li>anonimowe dane statystyczne dotycz\u0105ce os\u00f3b odwiedzaj\u0105cych fanpaga dost\u0119pne za pomoc\u0105 funkcji \u201eFacebook Insights\u201d udost\u0119pnionej przez Facebooka stosownie do niepodlegaj\u0105cych zmianie warunk\u00f3w korzystania z sewisu Facebook, gromadzone dzi\u0119ki plikom szpieguj\u0105cym (zwanym \u201eplikami cookies\u201d), z kt\u00f3rych ka\u017cdy zawiera niepowtarzalny kod u\u017cytkownika, kt\u00f3ry mo\u017cna powi\u0105za\u0107 z danymi po\u0142\u0105czenia u\u017cytkownik\u00f3w zarejestrowanych na Facebooku, a kt\u00f3ry zostaje pobrany i przetworzony w chwili otwarcia fanpaga.<\/li>\n<\/ul>\n\n\n\n<p><strong>Pa\u0144stwa dane przetwarzane s\u0105 przez nas w nast\u0119puj\u0105cych celach i na nast\u0119puj\u0105cych podstawach prawnych:<\/strong><\/p>\n\n\n\n<ul>\n<li>w celu prowadzenia fanpage pod nazw\u0105 <strong>Mys\u0142owicki O\u015brodek Kultury<\/strong> na portalu spo\u0142eczno\u015bciowym Facebook, na warunkach oraz na zasadach okre\u015blonych przez Facebook Inc. i informowania za jego pomoc\u0105 o naszej aktywno\u015bci, promowaniu r\u00f3\u017cnych wydarze\u0144 kulturalnych, kt\u00f3re organizujemy oraz w celu komunikacji za po\u015brednictwem dost\u0119pnych funkcjonalno\u015bci serwisu Facebook (komentarze, chat, wiadomo\u015bci) co jest naszym prawnie uzasadniony interesem,<\/li>\n\n\n\n<li>w celach analitycznych dotycz\u0105cych analiz funkcjonowania, popularno\u015bci, sposobu korzystania z fanpage, co jest naszym prawnie uzasadnionym interesem,<\/li>\n\n\n\n<li>w celu podj\u0119cia dzia\u0142a\u0144 zmierzaj\u0105cych do zawarcia umowy z uwagi na Pa\u0144stwa zainteresowanie naszymi us\u0142ugami \u2013 na podstawie zawartej umowy,<\/li>\n\n\n\n<li>Pa\u0144stwa dane osobowe przetwarzane mog\u0105 by\u0107 r\u00f3wnie\u017c na podstawie odr\u0119bnie udzielonej zgody w zakresie i celu okre\u015blonym w tre\u015bci zgody i przez czas do wycofania zgody \u2013 na podstawie Pa\u0144stwa zgody.&nbsp;<\/li>\n\n\n\n<li>rozwijania&nbsp; marki Administratora poprzez stworzenie mo\u017cliwo\u015bci kompleksowego \u015bwiadczenia us\u0142ug na jak najwy\u017cszym poziomie, przy wykorzystaniu innowacyjnych rozwi\u0105za\u0144 oraz przy pomocy kadry posiadaj\u0105cej odpowiednie umiej\u0119tno\u015bci i kwalifikacje.<\/li>\n<\/ul>\n\n\n\n<p><strong>Odbiorcy danych<\/strong>:<\/p>\n\n\n\n<p>Pa\u0144stwa dane mo\u017cemy udost\u0119pnia\u0107 nast\u0119puj\u0105cym kategoriom podmiot\u00f3w:<\/p>\n\n\n\n<ul>\n<li>organom w\u0142adzy publicznej oraz podmiotom wykonuj\u0105cym zadania publiczne lub dzia\u0142aj\u0105cym na zlecenie organ\u00f3w w\u0142adzy publicznej, w zakresie i w celach, kt\u00f3re wynikaj\u0105 z przepis\u00f3w powszechnie obowi\u0105zuj\u0105cego prawa,<\/li>\n\n\n\n<li>innym podmiotom, kt\u00f3re na podstawie stosownych um\u00f3w o powierzeniu przetwarzania danych podpisanych z nami przetwarzaj\u0105 dane osobowe w imieniu Administratora;<\/li>\n\n\n\n<li>w\u0142a\u015bcicielowi portalu spo\u0142eczno\u015bciowego Facebook na niepodlegaj\u0105cych zmianie zasadach dotycz\u0105cych danych okre\u015blonych przez Facebook dost\u0119pnych pod adresem <a href=\"https:\/\/www.facebook.com\/about\/privacy\">https:\/\/www.facebook.com\/about\/privacy<\/a>.<\/li>\n<\/ul>\n\n\n\n<p><strong>Jednocze\u015bnie informujemy, \u017ce nie przekazujemy Pa\u0144stwa danych do pa\u0144stw trzecich<\/strong>, z zastrze\u017ceniem ponadnarodowego charakteru przep\u0142ywu danych w ramach serwisu Facebook. Serwis <strong>Facebook mo\u017ce przekazywa\u0107 Pa\u0144stwa dane poza teren Europejskiego Obszaru Gospodarczego. <\/strong>Jednocze\u015bnie wskazujemy, i\u017c Facebook posiada certyfikat EU-US-Privacy Shield. W ramach umowy pomi\u0119dzy USA a Komisj\u0105 Europejsk\u0105 ta ostatnia stwierdzi\u0142a odpowiedni poziom ochrony danych w przypadku przedsi\u0119biorstw posiadaj\u0105cych certyfikat Privacy Shield.<\/p>\n\n\n\n<p><strong>Okres przechowywania danych<\/strong>:<\/p>\n\n\n\n<p>Pa\u0144stwa dane b\u0119d\u0105 przetwarzane przez okres niezb\u0119dny do realizacji wskazanych powy\u017cej cel\u00f3w przetwarzania tj.:<\/p>\n\n\n\n<ul>\n<li>w przypadku informacji, kt\u00f3re posiadamy w ramach udost\u0119pnionych przez Pa\u0144stwa komentarzy, b\u0119d\u0105 one dost\u0119pne na naszym serwisie do czasu usuni\u0119cia ich przez autora,<\/li>\n\n\n\n<li>Pa\u0144stwa dane osobowe gromadzone przez Facebook tj. historia wpis\u00f3w, historia aktywno\u015bci w aplikacji Messenger, historia aktywno\u015bci poprzez aplikacj\u0119 Instagram podlega retencji na zasadach okre\u015blonych regulaminem Facebooka;<\/li>\n\n\n\n<li>dane przetwarzane na podstawie zgody b\u0119d\u0105 przetwarzane do czasu cofni\u0119cia zgody,<\/li>\n\n\n\n<li>dane przetwarzane na podstawie prawnie uzasadnionego interesu Administratora b\u0119d\u0105 przetwarzane do czasu skutecznego z\u0142o\u017cenia sprzeciwu lub ustania tego interesu,<\/li>\n\n\n\n<li>dane statystyczne dotycz\u0105ce os\u00f3b odwiedzaj\u0105cych fanpage dost\u0119pne za pomoc\u0105 funkcji \u201eFacebook Insights\u201d b\u0119d\u0105 przetwarzane przez czas dost\u0119pno\u015bci tych danych w serwisie Facebook wynosz\u0105cy 2 lata,<\/li>\n\n\n\n<li>Pa\u0144stwa dane osobowe b\u0119dziemy przechowywa\u0107 nie d\u0142u\u017cej ni\u017c wymaga tego nasz prawnie uzasadniony interes, przepisy prawa lub inne regulacje do kt\u00f3rych musimy si\u0119 stosowa\u0107.<\/li>\n<\/ul>\n\n\n\n<p>W ka\u017cdej chwili mog\u0105 Pa\u0144stwo przesta\u0107 obserwowa\u0107 nasz fanpage, jak r\u00f3wnie\u017c usun\u0105\u0107 opublikowane przez siebie komentarze.<\/p>\n\n\n\n<p><strong>Pa\u0144stwa prawa wprowadzone przez Rozporz\u0105dzenie RODO:<\/strong><\/p>\n\n\n\n<p>W zwi\u0105zku z przetwarzaniem przez nas Pa\u0144stwa danych osobowych, przys\u0142uguje Pa\u0144stwu:<\/p>\n\n\n\n<ul>\n<li>prawo dost\u0119pu do tre\u015bci przetwarzanych danych oraz otrzymania ich kopii,<\/li>\n\n\n\n<li>prawo do sprostowania usuni\u0119cia lub ograniczenia przetwarzania,<\/li>\n\n\n\n<li>prawo do wniesienia sprzeciwu wobec przetwarzania danych,<\/li>\n\n\n\n<li>prawo do przenoszenia danych \u2013 macie Pa\u0144stwo prawo otrzyma\u0107 od nas dane, kt\u00f3re nam Pa\u0144stwo dostarczyli\u015bcie na podstawie umowy lub zgody,<\/li>\n\n\n\n<li>prawo do cofni\u0119cia zgody w dowolnym momencie bez wp\u0142ywu na zgodno\u015b\u0107 z prawem do przetwarzania, kt\u00f3rego dokonali\u015bmy na podstawie zgody przed jej cofni\u0119ciem.<\/li>\n<\/ul>\n\n\n\n<p>Z powy\u017cszych praw mog\u0105 Pa\u0144stwo skorzysta\u0107 przesy\u0142aj\u0105c nam wiadomo\u015b\u0107 mailow\u0105 na nasz adres: <a href=\"mailto:rodo@mok.pl\">rodo@m-ok.pl<\/a> lub list przes\u0142any poczt\u0105 tradycyjn\u0105 na nasz adres pocztowy: Mys\u0142owicki O\u015brodek Kultury (41-400) ul. Grunwaldzka 7.<\/p>\n\n\n\n<p><strong>&nbsp;Skarga do organu nadzorczego:<\/strong><\/p>\n\n\n\n<p>W przypadkach uznania, i\u017c przetwarzanie danych narusza przepisy rozporz\u0105dzenia RODO, przys\u0142uguje Pa\u0144stwu prawo do wniesienia skargi do organu nadzorczego. Mog\u0105 Pa\u0144stwo wnie\u015b\u0107 skarg\u0119 do organu nadzorczego (Prezesa Urz\u0119du Ochrony Danych Osobowych).<\/p>\n\n\n\n<p>&nbsp;<strong>Dobrowolno\u015b\u0107 podania danych:<\/strong><\/p>\n\n\n\n<p>Podanie danych ma charakter dobrowolny.<\/p>\n\n\n\n<p><strong>Pa\u0144stwa dane osobowe nie b\u0119d\u0105 przez nas przetwarzane w celu zautomatyzowanego podejmowania decyzji, w tym profilowania.<\/strong><\/p>\n","protected":false},"excerpt":{"rendered":"<p>Polityka prywatno\u015bci \/ Informacja dotycz\u0105ca przetwarzania danych osobowych &nbsp;w ramach fanpage\u2019a Mys\u0142owickiego O\u015brodka Kultury w portalu Facebook Na podstawie Rozporz\u0105dzenia Parlamentu Europejskiego i Rady (UE) 2016\/679 z dnia 27 kwietnia 2016 r. w sprawie ochrony os\u00f3b fizycznych w zwi\u0105zku z przetwarzaniem danych osobowych i w sprawie swobodnego przep\u0142ywu takich danych oraz uchylenia dyrektywy 94\/46\/WE, czyli [&hellip;]<\/p>\n","protected":false},"author":1,"featured_media":0,"parent":0,"menu_order":0,"comment_status":"closed","ping_status":"closed","template":"","meta":[],"_links":{"self":[{"href":"https:\/\/www.bip.m-ok.pl\/index.php?rest_route=\/wp\/v2\/pages\/370"}],"collection":[{"href":"https:\/\/www.bip.m-ok.pl\/index.php?rest_route=\/wp\/v2\/pages"}],"about":[{"href":"https:\/\/www.bip.m-ok.pl\/index.php?rest_route=\/wp\/v2\/types\/page"}],"author":[{"embeddable":true,"href":"https:\/\/www.bip.m-ok.pl\/index.php?rest_route=\/wp\/v2\/users\/1"}],"replies":[{"embeddable":true,"href":"https:\/\/www.bip.m-ok.pl\/index.php?rest_route=%2Fwp%2Fv2%2Fcomments&post=370"}],"version-history":[{"count":1,"href":"https:\/\/www.bip.m-ok.pl\/index.php?rest_route=\/wp\/v2\/pages\/370\/revisions"}],"predecessor-version":[{"id":371,"href":"https:\/\/www.bip.m-ok.pl\/index.php?rest_route=\/wp\/v2\/pages\/370\/revisions\/371"}],"wp:attachment":[{"href":"https:\/\/www.bip.m-ok.pl\/index.php?rest_route=%2Fwp%2Fv2%2Fmedia&parent=370"}],"curies":[{"name":"wp","href":"https:\/\/api.w.org\/{rel}","templated":true}]}}